{"id":26464,"date":"2019-11-19T11:24:11","date_gmt":"2019-11-19T10:24:11","guid":{"rendered":"https:\/\/www.leibniz-bildung.de\/?page_id=26464"},"modified":"2026-08-13T12:37:24","modified_gmt":"2026-08-13T10:37:24","slug":"news","status":"publish","type":"page","link":"https:\/\/www.leibniz-bildung.de\/en\/cider\/news\/","title":{"rendered":"News"},"content":{"rendered":"\n<div style=\"height:20px\" aria-hidden=\"true\" class=\"wp-block-spacer\"><\/div>\n\n\n\n<h5 class=\"wp-block-heading\"><em>April 30, 202<\/em>6 | <strong>CIDER Spring Workshop 2026 in Mannheim <\/strong><\/h5>\n\n\n\n<p class=\"wp-block-paragraph\">The CIDER Spring Workshop 2026 took place from April 28\u201330 at the <a href=\"https:\/\/www.zew.de\/en\/zew\/about-zew\" target=\"_blank\" rel=\"noopener\">ZEW \u2013 Leibniz Centre for European Economic Research in Mannheim<\/a>. Organized jointly by the ZEW, the <a href=\"https:\/\/www.iqb.hu-berlin.de\/en\/\" target=\"_blank\" rel=\"noopener\">Institute for Educational Quality Improvement (IQB)<\/a>, and the <a href=\"https:\/\/uni-tuebingen.de\/en\/faculties\/faculty-of-economics-and-social-sciences\/subjects\/department-of-social-sciences\/education-sciences-and-psychology\/institute\/\" target=\"_blank\" rel=\"noopener\">Hector Institute for Empirical Educational Research<\/a>, the workshop brought together around 40 participants, including CIDER Fellows, senior researchers from the CIDER Steering Committee, and invited experts.<\/p>\n\n\n\n<p class=\"wp-block-paragraph\">Under the theme <em>\u201cThe Future of Education: AI and the Digitalization of Education,\u201d<\/em> participants discussed current research on artificial intelligence and digitalization in education, exchanged perspectives, and explored methodological developments and future directions for educational research. The program featured keynote lectures by <a href=\"https:\/\/uni-tuebingen.de\/en\/faculties\/faculty-of-economics-and-social-sciences\/subjects\/department-of-social-sciences\/education-sciences\/units\/school-education\/staff-1\/lachner-andreas-prof-dr\/\" target=\"_blank\" rel=\"noopener\">Prof. Dr. Andreas Lachner<\/a> (University of T\u00fcbingen) and <a href=\"https:\/\/cais-research.de\/en\/team\/nikol-rummel\/\" target=\"_blank\" rel=\"noopener\">Prof. Dr. Nikol Rummel<\/a> (Center for Advanced Internet Studies, CAIS), as well as a panel discussion on the opportunities and challenges of AI in educational contexts. In addition, several Fellows presented their current research projects, <a href=\"https:\/\/www.cereq.fr\/en\/node\/6405\" target=\"_blank\" rel=\"noopener\">Jean-Fran\u00e7ois Giret<\/a> (C\u00e9req, France) introduced the work of C\u00e9req (<em>Centre d\u2019\u00e9tudes et de recherches sur les qualifications<\/em>), and <a href=\"https:\/\/www.zew.de\/en\/team\/ebr\" target=\"_blank\" rel=\"noopener\">Eduard Br\u00fcll<\/a> (ZEW) presented practical applications of large language models (LLMs) in educational research, including a demonstration of AI-based research tools and a self-developed tool for analyzing research abstracts.<\/p>\n\n\n\n<p class=\"wp-block-paragraph\">In addition to the academic program, participants visited the <a href=\"https:\/\/mannheim.tumo.de\/\" target=\"_blank\" rel=\"noopener\">Mannheim TUMO Center<\/a>, where young people aged 12\u201318 voluntarily develop digital and creative skills after school. Through self-directed learning, workshops, and learning labs, participants can explore fields such as programming, robotics, game development, music production, and 3D modelling. The visit provided practical insights into innovative approaches to fostering digital and future-oriented competencies.<\/p>\n\n\n<div class=\"wp-block-image\">\n<figure class=\"aligncenter size-full\"><img loading=\"lazy\" decoding=\"async\" width=\"537\" height=\"438\" src=\"https:\/\/www.leibniz-bildung.de\/wp-content\/uploads\/2026\/08\/grafik-1.png\" alt=\"\" class=\"wp-image-86131\" srcset=\"https:\/\/www.leibniz-bildung.de\/wp-content\/uploads\/2026\/08\/grafik-1.png 537w, https:\/\/www.leibniz-bildung.de\/wp-content\/uploads\/2026\/08\/grafik-1-300x245.png 300w\" sizes=\"auto, (max-width: 537px) 100vw, 537px\" \/><\/figure>\n<\/div>\n\n\n<p class=\"wp-block-paragraph\"><br><\/p>\n\n\n\n<hr class=\"wp-block-separator has-alpha-channel-opacity\"\/>\n\n\n\n<h5 class=\"wp-block-heading\"><br><br><em>November 12, 2025<\/em> | <strong>CIDER IV Public Science Awards 2025 by ZEIT STIFTUNG BUCERIUS<\/strong><\/h5>\n\n\n\n<p class=\"wp-block-paragraph\">Promoting scholarly awareness of public science is a core element of CIDER\u2019s mission. To ensure that educational research has a tangible and positive impact on educational systems and practice, outreach to the general public is essential. With the Public Science Award, we aim to recognize and reward activities that are often undervalued in academic circles. Sponsored by the ZEIT-Stiftung Ebelin und Gerd Bucerius, the CIDER Public Science Award honors projects that either communicate scientific findings to the general public, or generate research questions and designs that contribute to solving practical challenges faced by educational practitioners (e.g., teachers, educators, parents) or educational administrators. The ZEIT STIFTUNG BUCERIUS is generously sponsoring the CIDER Public Science Award 2025 with a total of \u20ac2,000 in prize money.<\/p>\n\n\n\n<div style=\"height:20px\" aria-hidden=\"true\" class=\"wp-block-spacer\"><\/div>\n\n\n<div class=\"wp-block-image\">\n<figure class=\"aligncenter size-large is-resized\"><img loading=\"lazy\" decoding=\"async\" width=\"1024\" height=\"478\" src=\"https:\/\/www.leibniz-bildung.de\/wp-content\/uploads\/2025\/11\/ZEITStiftungBucerius_Logo_RGB-1024x478.png\" alt=\"\" class=\"wp-image-84994\" style=\"width:283px;height:auto\" srcset=\"https:\/\/www.leibniz-bildung.de\/wp-content\/uploads\/2025\/11\/ZEITStiftungBucerius_Logo_RGB-1024x478.png 1024w, https:\/\/www.leibniz-bildung.de\/wp-content\/uploads\/2025\/11\/ZEITStiftungBucerius_Logo_RGB-300x140.png 300w, https:\/\/www.leibniz-bildung.de\/wp-content\/uploads\/2025\/11\/ZEITStiftungBucerius_Logo_RGB-768x359.png 768w, https:\/\/www.leibniz-bildung.de\/wp-content\/uploads\/2025\/11\/ZEITStiftungBucerius_Logo_RGB-1536x717.png 1536w, https:\/\/www.leibniz-bildung.de\/wp-content\/uploads\/2025\/11\/ZEITStiftungBucerius_Logo_RGB.png 2000w\" sizes=\"auto, (max-width: 1024px) 100vw, 1024px\" \/><\/figure>\n<\/div>\n\n\n<div style=\"height:35px\" aria-hidden=\"true\" class=\"wp-block-spacer\"><\/div>\n\n\n\n<p class=\"wp-block-paragraph\">Congratulations to <a href=\"https:\/\/www.diw.de\/de\/diw_01.c.881111.de\/personen\/draeger__jascha.html\" data-type=\"link\" data-id=\"https:\/\/www.diw.de\/de\/diw_01.c.881111.de\/personen\/draeger__jascha.html\" target=\"_blank\" rel=\"noopener\">Jascha Dr\u00e4ger<\/a> (DIW Berlin) <strong>for winning the CIDER Public Science Award 2025! <\/strong>Together with Thorsten Schneider, <a href=\"https:\/\/doi.org\/10.18723\/diw_wb:2025-14-1\" data-type=\"link\" data-id=\"https:\/\/doi.org\/10.18723\/diw_wb:2025-14-1\" target=\"_blank\" rel=\"noopener\">his report<\/a>, \u201c<em>Sprach- und Mathekompetenzen h\u00e4ngen in Deutschland st\u00e4rker von der sozialen Herkunft ab als in anderen L\u00e4ndern<\/em>,\u201d addressed the well-known topic of educational inequalities in young children\u2019s (ages 6\u20138) language and mathematics competencies across six countries. The jury was impressed by the clarity and accessibility of the presentation, including visually engaging graphics, a multi-channel approach combining text with a video interview, and the ability to make complex statistics understandable for a broad audience.<\/p>\n\n\n\n<p class=\"wp-block-paragraph\">The <strong>2nd prize<\/strong> was awarded to <a href=\"https:\/\/www.dzhw.eu\/gmbh\/mitarbeiter?m_id=660\" data-type=\"link\" data-id=\"https:\/\/www.dzhw.eu\/gmbh\/mitarbeiter?m_id=660\" target=\"_blank\" rel=\"noopener\">Fabian Trennt<\/a> (DZHW) for <a href=\"http:\/\/Probieren geht \u00fcber Studieren! Impulse zum Fachkr\u00e4ftemangel aus der Studienabbruchforschung,\">his transfer publication<\/a>, \u201c<em>Probieren geht \u00fcber Studieren! Impulse zum Fachkr\u00e4ftemangel aus der Studienabbruchforschung<\/em>,\u201d co-authored with Johann Carstensen and Frauke Peter. The publication bridges research on higher education dropout with the current shortage of skilled labour in Germany. The authors make a compelling case for rethinking the country\u2019s strong emphasis on formal qualifications and exploring skills-based approaches as a more sustainable solution. The jury was particularly impressed by the clear and engaging writing style, which speaks directly to its audience as well as by the creative survey at the end of the publication, a small but effective way to invite readers to take part in the scientific dialogue.<\/p>\n\n\n\n<p class=\"wp-block-paragraph\"><a href=\"https:\/\/www.uni-potsdam.de\/en\/inklusion\/diversityemphasis\/aral\" data-type=\"link\" data-id=\"https:\/\/www.uni-potsdam.de\/en\/inklusion\/diversityemphasis\/aral\" target=\"_blank\" rel=\"noopener\">Tu\u011f\u00e7e Aral<\/a> (University of Potsdam) won the <strong>3rd prize<\/strong> for <a href=\"https:\/\/berlinscienceweek.com\/de\/programme\/search-enjoy-speak-back-redefining-good-science-transform-and-diversify-academia-beyond\" target=\"_blank\" data-type=\"link\" data-id=\"https:\/\/berlinscienceweek.com\/de\/programme\/search-enjoy-speak-back-redefining-good-science-transform-and-diversify-academia-beyond\" rel=\"noreferrer noopener\">the event \u201c<em>SEARCH, (EN)JOY, SPEAK BACK: Redefining \u2018Good\u2019 Science to Transform and Diversify Academia &amp; Beyond<\/em>.\u201d<\/a> Organized together with Linda Juang as part of Berlin Science Week, the initiative impressed the jury with its co-constructive format, which genuinely invited the audience to help shape the discussion. The event reached beyond the walls of academia, making science tangible, engaging, and relevant for everyone. The organizers succeeded in creating an open and inclusive space that encouraged dialogue, participation, and reflection on what \u201cgood science\u201d can mean in a diverse and changing world.<\/p>\n\n\n<div class=\"wp-block-image\">\n<figure class=\"aligncenter size-full is-resized\"><img loading=\"lazy\" decoding=\"async\" width=\"854\" height=\"693\" src=\"https:\/\/www.leibniz-bildung.de\/wp-content\/uploads\/2024\/12\/PSA-2025.jpg\" alt=\"\" class=\"wp-image-85000\" style=\"width:696px;height:auto\" srcset=\"https:\/\/www.leibniz-bildung.de\/wp-content\/uploads\/2024\/12\/PSA-2025.jpg 854w, https:\/\/www.leibniz-bildung.de\/wp-content\/uploads\/2024\/12\/PSA-2025-300x243.jpg 300w, https:\/\/www.leibniz-bildung.de\/wp-content\/uploads\/2024\/12\/PSA-2025-768x623.jpg 768w\" sizes=\"auto, (max-width: 854px) 100vw, 854px\" \/><figcaption class=\"wp-element-caption\">The three winners of the 2025 Public Science Award by ZEIT STIFTUNG BUCERIUS, from left to right: Tu\u011f\u00e7e Aral (University of Potsdam), Jascha Dr\u00e4ger (DIW Berlin), and Fabian Trennt (DZHW).<\/figcaption><\/figure>\n<\/div>\n\n\n<div style=\"height:20px\" aria-hidden=\"true\" class=\"wp-block-spacer\"><\/div>\n\n\n\n<p class=\"wp-block-paragraph\">The jury was highly impressed by the quality of all submissions and congratulates the three winners, as well as all participating Fellows, on their excellent public science projects!<\/p>\n\n\n\n<div style=\"height:20px\" aria-hidden=\"true\" class=\"wp-block-spacer\"><\/div>\n\n\n\n<hr class=\"wp-block-separator has-alpha-channel-opacity\"\/>\n\n\n\n<div style=\"height:20px\" aria-hidden=\"true\" class=\"wp-block-spacer\"><\/div>\n\n\n\n<h5 class=\"wp-block-heading\"><em>November 11, 2025<\/em> | <strong>CIDER-LERN Conference in Bamberg<\/strong><\/h5>\n\n\n\n<div style=\"height:20px\" aria-hidden=\"true\" class=\"wp-block-spacer\"><\/div>\n\n\n\n<p class=\"wp-block-paragraph\">The CIDER\u2013LERN Conference 2025 took place from November 10\u201311 at the <a href=\"https:\/\/www.lifbi.de\/de-de\/\" target=\"_blank\" rel=\"noopener\">Leibniz Institute for Educational Trajectories (LIfBi) <\/a>in Bamberg. Organized by LIfBi and the <a href=\"https:\/\/www.bib.bund.de\/DE\/Startseite.html\" data-type=\"link\" data-id=\"https:\/\/www.bib.bund.de\/DE\/Startseite.html\" target=\"_blank\" rel=\"noopener\">Federal Institute for Population Research (BiB)<\/a>, in cooperation with the CIDER Coordination, the conference brought together CIDER Fellows and a broad community of educational researchers from outside the network.<\/p>\n\n\n\n<p class=\"wp-block-paragraph\">Under the theme \u201cEducational Success: Support, Measurement and Evaluation,\u201d the event welcomed around 70 participants. The program featured two keynote lectures by Prof. Orla Doyle (University College Dublin) and Prof. Dr. Samuel Greiff (Technical University of Munich), offering fresh perspectives on current challenges in educational research.<\/p>\n\n\n\n<p class=\"wp-block-paragraph\">In addition to the academic sessions, participants engaged in a panel discussion on third-party funding, a meet the data session, and enjoyed many opportunities for exchange during the conference dinner. As a social highlight, attendees joined a guided tour of Bamberg, including insights into the city\u2019s rich beer culture.<\/p>\n\n\n\n<div aria-label=\"Carousel Gallery\" class=\"wp-block-coblocks-gallery-carousel alignfull\"><div class=\"coblocks-gallery-carousel-swiper-container is-cropped coblocks-gallery has-caption-style-dark has-horizontal-gutter has-no-thumbnails\"><div class=\"has-carousel has-carousel-xlrg swiper-container\" data-swiper=\"{&quot;alignCells&quot;:false,&quot;autoPlay&quot;:true,&quot;autoPlaySpeed&quot;:&quot;5000&quot;,&quot;draggable&quot;:false,&quot;freeMode&quot;:false,&quot;loop&quot;:true,&quot;navigation&quot;:true,&quot;pageDots&quot;:false,&quot;pauseHover&quot;:true,&quot;responsiveHeight&quot;:false,&quot;slidesPerView&quot;:1,&quot;thumbnails&quot;:false,&quot;uuid&quot;:&quot;12345&quot;}\" style=\"height:400px\"><div class=\"swiper-wrapper\"><div class=\"swiper-slide\"><div class=\"coblocks-gallery--item\" role=\"button\" tabindex=\"0\"><figure class=\"coblocks-gallery--figure has-margin-left-5 has-margin-left-mobile-5 has-margin-right-5 has-margin-right-mobile-5\"><img loading=\"lazy\" decoding=\"async\" width=\"1024\" height=\"589\" alt=\"\" class=\"wp-image-84964\" data-id=\"84964\" data-link=\"https:\/\/www.leibniz-bildung.de\/en\/group-waving-dsc03938\/\" src=\"https:\/\/www.leibniz-bildung.de\/wp-content\/uploads\/2024\/12\/group-waving-DSC03938-1024x589.jpg\" srcset=\"https:\/\/www.leibniz-bildung.de\/wp-content\/uploads\/2024\/12\/group-waving-DSC03938-1024x589.jpg 1024w, https:\/\/www.leibniz-bildung.de\/wp-content\/uploads\/2024\/12\/group-waving-DSC03938-300x173.jpg 300w, https:\/\/www.leibniz-bildung.de\/wp-content\/uploads\/2024\/12\/group-waving-DSC03938-768x442.jpg 768w, https:\/\/www.leibniz-bildung.de\/wp-content\/uploads\/2024\/12\/group-waving-DSC03938-1536x884.jpg 1536w, https:\/\/www.leibniz-bildung.de\/wp-content\/uploads\/2024\/12\/group-waving-DSC03938-2048x1178.jpg 2048w\" sizes=\"auto, (max-width: 1024px) 100vw, 1024px\" \/><\/figure><figcaption class=\"coblocks-gallery--caption coblocks-gallery--primary-caption\"><\/figcaption><\/div><\/div><div class=\"swiper-slide\"><div class=\"coblocks-gallery--item\" role=\"button\" tabindex=\"1\"><figure class=\"coblocks-gallery--figure has-margin-left-5 has-margin-left-mobile-5 has-margin-right-5 has-margin-right-mobile-5\"><img loading=\"lazy\" decoding=\"async\" width=\"1024\" height=\"683\" alt=\"\" class=\"wp-image-84956\" data-id=\"84956\" data-link=\"https:\/\/www.leibniz-bildung.de\/en\/2-discussion_dsc04080\/\" src=\"https:\/\/www.leibniz-bildung.de\/wp-content\/uploads\/2024\/12\/2-discussion_DSC04080-1024x683.jpg\" srcset=\"https:\/\/www.leibniz-bildung.de\/wp-content\/uploads\/2024\/12\/2-discussion_DSC04080-1024x683.jpg 1024w, https:\/\/www.leibniz-bildung.de\/wp-content\/uploads\/2024\/12\/2-discussion_DSC04080-300x200.jpg 300w, https:\/\/www.leibniz-bildung.de\/wp-content\/uploads\/2024\/12\/2-discussion_DSC04080-768x512.jpg 768w, https:\/\/www.leibniz-bildung.de\/wp-content\/uploads\/2024\/12\/2-discussion_DSC04080-1536x1024.jpg 1536w, https:\/\/www.leibniz-bildung.de\/wp-content\/uploads\/2024\/12\/2-discussion_DSC04080-2048x1366.jpg 2048w, https:\/\/www.leibniz-bildung.de\/wp-content\/uploads\/2024\/12\/2-discussion_DSC04080-720x480.jpg 720w\" sizes=\"auto, (max-width: 1024px) 100vw, 1024px\" \/><\/figure><figcaption class=\"coblocks-gallery--caption coblocks-gallery--primary-caption\"><\/figcaption><\/div><\/div><div class=\"swiper-slide\"><div class=\"coblocks-gallery--item\" role=\"button\" tabindex=\"2\"><figure class=\"coblocks-gallery--figure has-margin-left-5 has-margin-left-mobile-5 has-margin-right-5 has-margin-right-mobile-5\"><img loading=\"lazy\" decoding=\"async\" width=\"1024\" height=\"683\" alt=\"\" class=\"wp-image-84958\" data-id=\"84958\" data-link=\"https:\/\/www.leibniz-bildung.de\/en\/1-flyer_dsc03993\/\" src=\"https:\/\/www.leibniz-bildung.de\/wp-content\/uploads\/2024\/12\/1-flyer_DSC03993-1024x683.jpg\" srcset=\"https:\/\/www.leibniz-bildung.de\/wp-content\/uploads\/2024\/12\/1-flyer_DSC03993-1024x683.jpg 1024w, https:\/\/www.leibniz-bildung.de\/wp-content\/uploads\/2024\/12\/1-flyer_DSC03993-300x200.jpg 300w, https:\/\/www.leibniz-bildung.de\/wp-content\/uploads\/2024\/12\/1-flyer_DSC03993-768x512.jpg 768w, https:\/\/www.leibniz-bildung.de\/wp-content\/uploads\/2024\/12\/1-flyer_DSC03993-1536x1024.jpg 1536w, https:\/\/www.leibniz-bildung.de\/wp-content\/uploads\/2024\/12\/1-flyer_DSC03993-2048x1366.jpg 2048w, https:\/\/www.leibniz-bildung.de\/wp-content\/uploads\/2024\/12\/1-flyer_DSC03993-720x480.jpg 720w\" sizes=\"auto, (max-width: 1024px) 100vw, 1024px\" \/><\/figure><figcaption class=\"coblocks-gallery--caption coblocks-gallery--primary-caption\"><\/figcaption><\/div><\/div><div class=\"swiper-slide\"><div class=\"coblocks-gallery--item\" role=\"button\" tabindex=\"3\"><figure class=\"coblocks-gallery--figure has-margin-left-5 has-margin-left-mobile-5 has-margin-right-5 has-margin-right-mobile-5\"><img loading=\"lazy\" decoding=\"async\" width=\"1024\" height=\"683\" alt=\"\" class=\"wp-image-84962\" data-id=\"84962\" data-link=\"https:\/\/www.leibniz-bildung.de\/en\/getting-together_dsc03902\/\" src=\"https:\/\/www.leibniz-bildung.de\/wp-content\/uploads\/2024\/12\/getting-together_DSC03902-1024x683.jpg\" srcset=\"https:\/\/www.leibniz-bildung.de\/wp-content\/uploads\/2024\/12\/getting-together_DSC03902-1024x683.jpg 1024w, https:\/\/www.leibniz-bildung.de\/wp-content\/uploads\/2024\/12\/getting-together_DSC03902-300x200.jpg 300w, https:\/\/www.leibniz-bildung.de\/wp-content\/uploads\/2024\/12\/getting-together_DSC03902-768x512.jpg 768w, https:\/\/www.leibniz-bildung.de\/wp-content\/uploads\/2024\/12\/getting-together_DSC03902-1536x1024.jpg 1536w, https:\/\/www.leibniz-bildung.de\/wp-content\/uploads\/2024\/12\/getting-together_DSC03902-2048x1366.jpg 2048w, https:\/\/www.leibniz-bildung.de\/wp-content\/uploads\/2024\/12\/getting-together_DSC03902-720x480.jpg 720w\" sizes=\"auto, (max-width: 1024px) 100vw, 1024px\" \/><\/figure><figcaption class=\"coblocks-gallery--caption coblocks-gallery--primary-caption\"><\/figcaption><\/div><\/div><div class=\"swiper-slide\"><div class=\"coblocks-gallery--item\" role=\"button\" tabindex=\"4\"><figure class=\"coblocks-gallery--figure has-margin-left-5 has-margin-left-mobile-5 has-margin-right-5 has-margin-right-mobile-5\"><img loading=\"lazy\" decoding=\"async\" width=\"1024\" height=\"683\" alt=\"\" class=\"wp-image-84960\" data-id=\"84960\" data-link=\"https:\/\/www.leibniz-bildung.de\/en\/getting-together_2_dsc03898\/\" src=\"https:\/\/www.leibniz-bildung.de\/wp-content\/uploads\/2024\/12\/getting-together_2_DSC03898-1024x683.jpg\" srcset=\"https:\/\/www.leibniz-bildung.de\/wp-content\/uploads\/2024\/12\/getting-together_2_DSC03898-1024x683.jpg 1024w, https:\/\/www.leibniz-bildung.de\/wp-content\/uploads\/2024\/12\/getting-together_2_DSC03898-300x200.jpg 300w, https:\/\/www.leibniz-bildung.de\/wp-content\/uploads\/2024\/12\/getting-together_2_DSC03898-768x512.jpg 768w, https:\/\/www.leibniz-bildung.de\/wp-content\/uploads\/2024\/12\/getting-together_2_DSC03898-1536x1024.jpg 1536w, https:\/\/www.leibniz-bildung.de\/wp-content\/uploads\/2024\/12\/getting-together_2_DSC03898-2048x1366.jpg 2048w, https:\/\/www.leibniz-bildung.de\/wp-content\/uploads\/2024\/12\/getting-together_2_DSC03898-720x480.jpg 720w\" sizes=\"auto, (max-width: 1024px) 100vw, 1024px\" \/><\/figure><figcaption class=\"coblocks-gallery--caption coblocks-gallery--primary-caption\"><\/figcaption><\/div><\/div><div class=\"swiper-slide\"><div class=\"coblocks-gallery--item\" role=\"button\" tabindex=\"5\"><figure class=\"coblocks-gallery--figure has-margin-left-5 has-margin-left-mobile-5 has-margin-right-5 has-margin-right-mobile-5\"><img loading=\"lazy\" decoding=\"async\" width=\"1024\" height=\"628\" alt=\"\" class=\"wp-image-84950\" data-id=\"84950\" data-link=\"https:\/\/www.leibniz-bildung.de\/en\/welcome-artelt-dsc03911_v2\/\" src=\"https:\/\/www.leibniz-bildung.de\/wp-content\/uploads\/2024\/12\/welcome-Artelt-DSC03911_v2-1024x628.jpg\" srcset=\"https:\/\/www.leibniz-bildung.de\/wp-content\/uploads\/2024\/12\/welcome-Artelt-DSC03911_v2-1024x628.jpg 1024w, https:\/\/www.leibniz-bildung.de\/wp-content\/uploads\/2024\/12\/welcome-Artelt-DSC03911_v2-300x184.jpg 300w, https:\/\/www.leibniz-bildung.de\/wp-content\/uploads\/2024\/12\/welcome-Artelt-DSC03911_v2-768x471.jpg 768w, https:\/\/www.leibniz-bildung.de\/wp-content\/uploads\/2024\/12\/welcome-Artelt-DSC03911_v2-1536x943.jpg 1536w, https:\/\/www.leibniz-bildung.de\/wp-content\/uploads\/2024\/12\/welcome-Artelt-DSC03911_v2-2048x1257.jpg 2048w\" sizes=\"auto, (max-width: 1024px) 100vw, 1024px\" \/><\/figure><figcaption class=\"coblocks-gallery--caption coblocks-gallery--primary-caption\"><\/figcaption><\/div><\/div><div class=\"swiper-slide\"><div class=\"coblocks-gallery--item\" role=\"button\" tabindex=\"6\"><figure class=\"coblocks-gallery--figure has-margin-left-5 has-margin-left-mobile-5 has-margin-right-5 has-margin-right-mobile-5\"><img loading=\"lazy\" decoding=\"async\" width=\"1024\" height=\"683\" alt=\"\" class=\"wp-image-84954\" data-id=\"84954\" data-link=\"https:\/\/www.leibniz-bildung.de\/en\/welcome-spiess-dsc03913\/\" src=\"https:\/\/www.leibniz-bildung.de\/wp-content\/uploads\/2024\/12\/welcome-Spiess-DSC03913-1024x683.jpg\" srcset=\"https:\/\/www.leibniz-bildung.de\/wp-content\/uploads\/2024\/12\/welcome-Spiess-DSC03913-1024x683.jpg 1024w, https:\/\/www.leibniz-bildung.de\/wp-content\/uploads\/2024\/12\/welcome-Spiess-DSC03913-300x200.jpg 300w, https:\/\/www.leibniz-bildung.de\/wp-content\/uploads\/2024\/12\/welcome-Spiess-DSC03913-768x512.jpg 768w, https:\/\/www.leibniz-bildung.de\/wp-content\/uploads\/2024\/12\/welcome-Spiess-DSC03913-1536x1024.jpg 1536w, https:\/\/www.leibniz-bildung.de\/wp-content\/uploads\/2024\/12\/welcome-Spiess-DSC03913-2048x1366.jpg 2048w, https:\/\/www.leibniz-bildung.de\/wp-content\/uploads\/2024\/12\/welcome-Spiess-DSC03913-720x480.jpg 720w\" sizes=\"auto, (max-width: 1024px) 100vw, 1024px\" \/><\/figure><figcaption class=\"coblocks-gallery--caption coblocks-gallery--primary-caption\"><\/figcaption><\/div><\/div><div class=\"swiper-slide\"><div class=\"coblocks-gallery--item\" role=\"button\" tabindex=\"7\"><figure class=\"coblocks-gallery--figure has-margin-left-5 has-margin-left-mobile-5 has-margin-right-5 has-margin-right-mobile-5\"><img loading=\"lazy\" decoding=\"async\" width=\"1024\" height=\"683\" alt=\"\" class=\"wp-image-84952\" data-id=\"84952\" data-link=\"https:\/\/www.leibniz-bildung.de\/en\/welcome-schmiedek-dsc03917\/\" src=\"https:\/\/www.leibniz-bildung.de\/wp-content\/uploads\/2024\/12\/welcome-Schmiedek-DSC03917-1024x683.jpg\" srcset=\"https:\/\/www.leibniz-bildung.de\/wp-content\/uploads\/2024\/12\/welcome-Schmiedek-DSC03917-1024x683.jpg 1024w, https:\/\/www.leibniz-bildung.de\/wp-content\/uploads\/2024\/12\/welcome-Schmiedek-DSC03917-300x200.jpg 300w, https:\/\/www.leibniz-bildung.de\/wp-content\/uploads\/2024\/12\/welcome-Schmiedek-DSC03917-768x512.jpg 768w, https:\/\/www.leibniz-bildung.de\/wp-content\/uploads\/2024\/12\/welcome-Schmiedek-DSC03917-1536x1024.jpg 1536w, https:\/\/www.leibniz-bildung.de\/wp-content\/uploads\/2024\/12\/welcome-Schmiedek-DSC03917-2048x1366.jpg 2048w, https:\/\/www.leibniz-bildung.de\/wp-content\/uploads\/2024\/12\/welcome-Schmiedek-DSC03917-720x480.jpg 720w\" sizes=\"auto, (max-width: 1024px) 100vw, 1024px\" \/><\/figure><figcaption class=\"coblocks-gallery--caption coblocks-gallery--primary-caption\"><\/figcaption><\/div><\/div><div class=\"swiper-slide\"><div class=\"coblocks-gallery--item\" role=\"button\" tabindex=\"8\"><figure class=\"coblocks-gallery--figure has-margin-left-5 has-margin-left-mobile-5 has-margin-right-5 has-margin-right-mobile-5\"><img loading=\"lazy\" decoding=\"async\" width=\"1024\" height=\"681\" alt=\"\" class=\"wp-image-84946\" data-id=\"84946\" data-link=\"https:\/\/www.leibniz-bildung.de\/en\/samuel-greiff-dsc04011\/\" src=\"https:\/\/www.leibniz-bildung.de\/wp-content\/uploads\/2024\/12\/Samuel-Greiff-DSC04011-1024x681.jpg\" srcset=\"https:\/\/www.leibniz-bildung.de\/wp-content\/uploads\/2024\/12\/Samuel-Greiff-DSC04011-1024x681.jpg 1024w, https:\/\/www.leibniz-bildung.de\/wp-content\/uploads\/2024\/12\/Samuel-Greiff-DSC04011-300x199.jpg 300w, https:\/\/www.leibniz-bildung.de\/wp-content\/uploads\/2024\/12\/Samuel-Greiff-DSC04011-768x511.jpg 768w, https:\/\/www.leibniz-bildung.de\/wp-content\/uploads\/2024\/12\/Samuel-Greiff-DSC04011-720x480.jpg 720w, https:\/\/www.leibniz-bildung.de\/wp-content\/uploads\/2024\/12\/Samuel-Greiff-DSC04011.jpg 1459w\" sizes=\"auto, (max-width: 1024px) 100vw, 1024px\" \/><\/figure><figcaption class=\"coblocks-gallery--caption coblocks-gallery--primary-caption\"><\/figcaption><\/div><\/div><div class=\"swiper-slide\"><div class=\"coblocks-gallery--item\" role=\"button\" tabindex=\"9\"><figure class=\"coblocks-gallery--figure has-margin-left-5 has-margin-left-mobile-5 has-margin-right-5 has-margin-right-mobile-5\"><img loading=\"lazy\" decoding=\"async\" width=\"1024\" height=\"683\" alt=\"\" class=\"wp-image-84948\" data-id=\"84948\" data-link=\"https:\/\/www.leibniz-bildung.de\/en\/samuel-greiff-lecture_dsc04032\/\" src=\"https:\/\/www.leibniz-bildung.de\/wp-content\/uploads\/2024\/12\/Samuel-greiff-lecture_DSC04032-1024x683.jpg\" srcset=\"https:\/\/www.leibniz-bildung.de\/wp-content\/uploads\/2024\/12\/Samuel-greiff-lecture_DSC04032-1024x683.jpg 1024w, https:\/\/www.leibniz-bildung.de\/wp-content\/uploads\/2024\/12\/Samuel-greiff-lecture_DSC04032-300x200.jpg 300w, https:\/\/www.leibniz-bildung.de\/wp-content\/uploads\/2024\/12\/Samuel-greiff-lecture_DSC04032-768x512.jpg 768w, https:\/\/www.leibniz-bildung.de\/wp-content\/uploads\/2024\/12\/Samuel-greiff-lecture_DSC04032-1536x1024.jpg 1536w, https:\/\/www.leibniz-bildung.de\/wp-content\/uploads\/2024\/12\/Samuel-greiff-lecture_DSC04032-2048x1366.jpg 2048w, https:\/\/www.leibniz-bildung.de\/wp-content\/uploads\/2024\/12\/Samuel-greiff-lecture_DSC04032-720x480.jpg 720w\" sizes=\"auto, (max-width: 1024px) 100vw, 1024px\" \/><\/figure><figcaption class=\"coblocks-gallery--caption coblocks-gallery--primary-caption\"><\/figcaption><\/div><\/div><div class=\"swiper-slide\"><div class=\"coblocks-gallery--item\" role=\"button\" tabindex=\"10\"><figure class=\"coblocks-gallery--figure has-margin-left-5 has-margin-left-mobile-5 has-margin-right-5 has-margin-right-mobile-5\"><img loading=\"lazy\" decoding=\"async\" width=\"1024\" height=\"683\" alt=\"\" class=\"wp-image-84944\" data-id=\"84944\" data-link=\"https:\/\/www.leibniz-bildung.de\/en\/poster-1_dsc04017\/\" src=\"https:\/\/www.leibniz-bildung.de\/wp-content\/uploads\/2024\/12\/poster-1_DSC04017-1024x683.jpg\" srcset=\"https:\/\/www.leibniz-bildung.de\/wp-content\/uploads\/2024\/12\/poster-1_DSC04017-1024x683.jpg 1024w, https:\/\/www.leibniz-bildung.de\/wp-content\/uploads\/2024\/12\/poster-1_DSC04017-300x200.jpg 300w, https:\/\/www.leibniz-bildung.de\/wp-content\/uploads\/2024\/12\/poster-1_DSC04017-768x512.jpg 768w, https:\/\/www.leibniz-bildung.de\/wp-content\/uploads\/2024\/12\/poster-1_DSC04017-1536x1024.jpg 1536w, https:\/\/www.leibniz-bildung.de\/wp-content\/uploads\/2024\/12\/poster-1_DSC04017-2048x1366.jpg 2048w, https:\/\/www.leibniz-bildung.de\/wp-content\/uploads\/2024\/12\/poster-1_DSC04017-720x480.jpg 720w\" sizes=\"auto, (max-width: 1024px) 100vw, 1024px\" \/><\/figure><figcaption class=\"coblocks-gallery--caption coblocks-gallery--primary-caption\"><\/figcaption><\/div><\/div><\/div><button class=\"nav-button__prev\" id=\"12345-prev\"><svg class=\"icon\" style=\"transform:rotate(180deg)\"><\/svg><\/button><button class=\"nav-button__next\" id=\"12345-next\"><svg class=\"icon\"><\/svg><\/button><\/div><\/div><\/div>\n\n\n\n<div style=\"height:20px\" aria-hidden=\"true\" class=\"wp-block-spacer\"><\/div>\n\n\n\n<hr class=\"wp-block-separator has-alpha-channel-opacity\"\/>\n\n\n\n<div style=\"height:20px\" aria-hidden=\"true\" class=\"wp-block-spacer\"><\/div>\n\n\n\n<h5 class=\"wp-block-heading\"><em>April 30, 2025<\/em> | <strong>CIDER Science Communication Workshop in Frankfurt<\/strong><\/h5>\n\n\n\n<div style=\"height:20px\" aria-hidden=\"true\" class=\"wp-block-spacer\"><\/div>\n\n\n\n<p class=\"wp-block-paragraph\">The CIDER Science Communication Workshop 2025 took place from April 28\u201330 at the <a href=\"https:\/\/www.dipf.de\/en\" target=\"_blank\" rel=\"noreferrer noopener\">DIPF | Leibniz Institute for Research and Information in Education<\/a> in Frankfurt. The workshop brought together CIDER IV Fellows, Alumni, and members of the Steering Committee for three days of training, exchange, and dialogue.<\/p>\n\n\n\n<p class=\"wp-block-paragraph\">The program began with a two-part Science Communication training delivered by NaWik, providing Fellows with hands-on strategies for effectively communicating their research. On the second day, selected Fellows, Alumni, and Steering Committee members shared their experiences in a Best Practice Public Science session.<\/p>\n\n\n\n<p class=\"wp-block-paragraph\">Highlight of the workshop was the CIDER Science Communication Lunch \u201cEducation in Dialogue: Research meets Journalism.\u201d Moderated by Fellows <a href=\"https:\/\/www.uni-potsdam.de\/en\/inklusion\/diversityemphasis\/aral\" data-type=\"link\" data-id=\"https:\/\/www.uni-potsdam.de\/en\/inklusion\/diversityemphasis\/aral\" target=\"_blank\" rel=\"noopener\">Tu\u011f\u00e7e Aral<\/a> (University of Potsdam) and <a href=\"https:\/\/www.soz.univie.ac.at\/en\/about-us\/staff-register\/detail-personnel\/user\/valdesm89\/inum\/1125\/backpid\/83313\/\" data-type=\"link\" data-id=\"https:\/\/www.soz.univie.ac.at\/en\/about-us\/staff-register\/detail-personnel\/user\/valdesm89\/inum\/1125\/backpid\/83313\/\" target=\"_blank\" rel=\"noopener\">Manuel T. Vald\u00e9s <\/a>(University of Vienna), the panel brought together leading voices in (science) communication: <a href=\"https:\/\/boldscience.org\/authors\/annie-brookman-byrne\/\" data-type=\"link\" data-id=\"https:\/\/boldscience.org\/authors\/annie-brookman-byrne\/\" target=\"_blank\" rel=\"noopener\">Annie Brookman-Byrne<\/a> (BOLD Blog &amp; Jacobs Foundation), <a href=\"https:\/\/www.bundesverband-hochschulkommunikation.de\/verband\/vorstand\/\" data-type=\"link\" data-id=\"https:\/\/www.bundesverband-hochschulkommunikation.de\/verband\/vorstand\/\" target=\"_blank\" rel=\"noopener\">Matthias Fejes<\/a> (German Association for University Communications), <a href=\"https:\/\/emitheteacher.de\/?gi=a1e302690fb524b0559b2f27805a5d2d5786b6b9\" data-type=\"link\" data-id=\"https:\/\/emitheteacher.de\/?gi=a1e302690fb524b0559b2f27805a5d2d5786b6b9\" target=\"_blank\" rel=\"noopener\">Emily Horbach<\/a> (Education Influencer), <a href=\"https:\/\/www.bildungsdossier.de\/ueber-uns\/\" data-type=\"link\" data-id=\"https:\/\/www.bildungsdossier.de\/ueber-uns\/\" target=\"_blank\" rel=\"noopener\">Annette Kuhn<\/a> (Education Journalist), <a href=\"https:\/\/www.dji.de\/ueber-uns\/mitarbeitende\/detailansicht\/mitarbeiter\/susanne-kuger.html\" data-type=\"link\" data-id=\"https:\/\/www.dji.de\/ueber-uns\/mitarbeitende\/detailansicht\/mitarbeiter\/susanne-kuger.html\" target=\"_blank\" rel=\"noopener\">Susanne Kuger<\/a> (German Youth Institute &amp; LMU Munich), and <a href=\"https:\/\/www.dipf.de\/de\/institut\/personen\/schlicht-schmaelzle-raphaela#2\" data-type=\"link\" data-id=\"https:\/\/www.dipf.de\/de\/institut\/personen\/schlicht-schmaelzle-raphaela#2\" target=\"_blank\" rel=\"noopener\">Raphaela Schlicht-Schm\u00e4lzle<\/a> (DIPF). The discussion explored how research and public communication can meaningfully intersect.<\/p>\n\n\n\n<p class=\"wp-block-paragraph\">Following the panel, Fellows engaged in a round table with journalists and communication professionals, offering ample opportunity to discuss their research and gather practical feedback.<\/p>\n\n\n<div class=\"wp-block-image\">\n<figure class=\"aligncenter size-large\"><img loading=\"lazy\" decoding=\"async\" width=\"1024\" height=\"684\" src=\"https:\/\/www.leibniz-bildung.de\/wp-content\/uploads\/2024\/12\/IMG_0951-1024x684.jpg\" alt=\"CIDER IV Fellows Gruppenbild im Rahmen des Workshop\" class=\"wp-image-84934\" srcset=\"https:\/\/www.leibniz-bildung.de\/wp-content\/uploads\/2024\/12\/IMG_0951-1024x684.jpg 1024w, https:\/\/www.leibniz-bildung.de\/wp-content\/uploads\/2024\/12\/IMG_0951-300x200.jpg 300w, https:\/\/www.leibniz-bildung.de\/wp-content\/uploads\/2024\/12\/IMG_0951-768x513.jpg 768w, https:\/\/www.leibniz-bildung.de\/wp-content\/uploads\/2024\/12\/IMG_0951-1536x1025.jpg 1536w, https:\/\/www.leibniz-bildung.de\/wp-content\/uploads\/2024\/12\/IMG_0951-2048x1367.jpg 2048w, https:\/\/www.leibniz-bildung.de\/wp-content\/uploads\/2024\/12\/IMG_0951-720x480.jpg 720w\" sizes=\"auto, (max-width: 1024px) 100vw, 1024px\" \/><\/figure>\n<\/div>\n\n\n<div style=\"height:31px\" aria-hidden=\"true\" class=\"wp-block-spacer\"><\/div>\n\n\n\n<hr class=\"wp-block-separator has-alpha-channel-opacity\"\/>\n\n\n\n<div style=\"height:20px\" aria-hidden=\"true\" class=\"wp-block-spacer\"><\/div>\n\n\n\n<h5 id=\"october-13-2021-annabell-daniel-is-now-professor-at-lmu-munich\" class=\"wp-block-heading\"><em>November 6, 2024<\/em> | <strong>CIDER Fall Workshop 2024 in Munich<\/strong><\/h5>\n\n\n\n<div style=\"height:20px\" aria-hidden=\"true\" class=\"wp-block-spacer\"><\/div>\n\n\n\n<p class=\"wp-block-paragraph\">The CIDER Fall Workshop 2024 took place at the <a href=\"https:\/\/www.leibniz-bildung.de\/en\/about-us\/network-partners\/ifo-institute\/\" target=\"_blank\" rel=\"noreferrer noopener\">ifo Institute \u2013 Leibniz Institute for Economic Research at the University of Munich<\/a>. It was organized by the ifo Institute, the <a href=\"https:\/\/www.leibniz-bildung.de\/en\/about-us\/network-partners\/dzhw\/\">German Centre for Higher Education Research and Science Studies (DZHW)<\/a>, and the <a href=\"https:\/\/www.leibniz-bildung.de\/en\/about-us\/network-partners\/wzb\/\">WZB Berlin Social Science Center<\/a>, in collaboration with the CIDER Coordination.<\/p>\n\n\n\n<p class=\"wp-block-paragraph\">The event began with a session in which CIDER Alumni presented their results and experiences from working in interdisciplinary Micro Groups, followed by a keynote address by Fabian Pfeffer (LMU) titled <em>Wealth and Education<\/em>. In the evening, participants gathered for dinner at the \u201cHofbr\u00e4ukeller.\u201d<\/p>\n\n\n\n<p class=\"wp-block-paragraph\">On the second day, the Fellows had the opportunity to exchange ideas in various formats and explore potential collaborations within Micro Groups. These included the presentation of data sets, a dedicated Open Space session, and paper presentations, which were commented on by discussants from other disciplines.<\/p>\n\n\n\n<p class=\"wp-block-paragraph\">See the detailed program <a href=\"https:\/\/www.leibniz-bildung.de\/wp-content\/uploads\/2021\/07\/CIDER-Fall-Workshop-2024_ifo_Program.pdf\" target=\"_blank\" data-type=\"link\" data-id=\"https:\/\/www.leibniz-bildung.de\/wp-content\/uploads\/2021\/07\/CIDER-Fall-Workshop-2024_ifo_Program.pdf\" rel=\"noreferrer noopener\">here<\/a>.<\/p>\n\n\n\n<div style=\"height:20px\" aria-hidden=\"true\" class=\"wp-block-spacer\"><\/div>\n\n\n<div class=\"wp-block-image\">\n<figure class=\"aligncenter size-large is-resized\"><img loading=\"lazy\" decoding=\"async\" width=\"2560\" height=\"1440\" src=\"https:\/\/www.leibniz-bildung.de\/wp-content\/uploads\/2024\/11\/2024-11-04_Gruppenbild-edited-scaled.jpg\" alt=\"\" class=\"wp-image-76963\" style=\"width:840px;height:auto\" srcset=\"https:\/\/www.leibniz-bildung.de\/wp-content\/uploads\/2024\/11\/2024-11-04_Gruppenbild-edited-scaled.jpg 2560w, https:\/\/www.leibniz-bildung.de\/wp-content\/uploads\/2024\/11\/2024-11-04_Gruppenbild-edited-300x169.jpg 300w, https:\/\/www.leibniz-bildung.de\/wp-content\/uploads\/2024\/11\/2024-11-04_Gruppenbild-edited-1024x576.jpg 1024w, https:\/\/www.leibniz-bildung.de\/wp-content\/uploads\/2024\/11\/2024-11-04_Gruppenbild-edited-768x432.jpg 768w, https:\/\/www.leibniz-bildung.de\/wp-content\/uploads\/2024\/11\/2024-11-04_Gruppenbild-edited-1536x864.jpg 1536w, https:\/\/www.leibniz-bildung.de\/wp-content\/uploads\/2024\/11\/2024-11-04_Gruppenbild-edited-2048x1152.jpg 2048w, https:\/\/www.leibniz-bildung.de\/wp-content\/uploads\/2024\/11\/2024-11-04_Gruppenbild-edited-800x450.jpg 800w\" sizes=\"auto, (max-width: 2560px) 100vw, 2560px\" \/><\/figure>\n<\/div>\n\n\n<div style=\"height:20px\" aria-hidden=\"true\" class=\"wp-block-spacer\"><\/div>\n\n\n\n<hr class=\"wp-block-separator has-alpha-channel-opacity\"\/>\n\n\n\n<div style=\"height:20px\" aria-hidden=\"true\" class=\"wp-block-spacer\"><\/div>\n\n\n\n<h5 id=\"october-13-2021-annabell-daniel-is-now-professor-at-lmu-munich\" class=\"wp-block-heading\"><em>April 11, 2024<\/em> | <strong>CIDER IV Kick-off Workshop 2024 in Frankfurt<\/strong><\/h5>\n\n\n\n<div style=\"height:20px\" aria-hidden=\"true\" class=\"wp-block-spacer\"><\/div>\n\n\n\n<p class=\"wp-block-paragraph\">The fourth cohort started with the CIDER IV Kick-off Workshop 2024 at the <a href=\"https:\/\/www.dipf.de\/en\" target=\"_blank\" rel=\"noreferrer noopener\">DIPF | Leibniz Institute for Research and Information in Education<\/a> in Frankfurt (April 8-10, 2024). The workshop&#8217;s main goal was to introduce the new Fellows to each other. The program offered plenty of opportunities to get to know each other, with formats like poster presentations, an open space focusing on shared research interests as well as different social events. Furthermore, the Fellows got an introduction to the three central research topics by interdisciplinary talks from different disciplines, which were given by CIDER alumni from the last cohort and CIDER seniors. <a href=\"https:\/\/www.dipf.de\/en\/institute\/staff\/burkhard-jannis?set_language=en\" data-type=\"link\" data-id=\"https:\/\/www.dipf.de\/en\/institute\/staff\/burkhard-jannis?set_language=en\" target=\"_blank\" rel=\"noopener\">Jannis Burkhard<\/a> and <a href=\"https:\/\/www.edu.sot.tum.de\/en\/psyll\/team\/lisa-ziernwald\/\" data-type=\"link\" data-id=\"https:\/\/www.edu.sot.tum.de\/en\/psyll\/team\/lisa-ziernwald\/\" target=\"_blank\" rel=\"noopener\">Lisa Ziernwald<\/a> were elected as CIDER IV cohort representatives. Have a look at the detailed program <a href=\"https:\/\/www.leibniz-bildung.de\/wp-content\/uploads\/2021\/07\/CIDER-IV-Kick-off-Workshop-2024_DIPF_Program-3.pdf\" data-type=\"link\" data-id=\"https:\/\/www.leibniz-bildung.de\/wp-content\/uploads\/2021\/07\/CIDER-IV-Kick-off-Workshop-2024_DIPF_Program-3.pdf\" target=\"_blank\" rel=\"noreferrer noopener\">here<\/a>.<\/p>\n\n\n\n<div style=\"height:20px\" aria-hidden=\"true\" class=\"wp-block-spacer\"><\/div>\n\n\n<div class=\"wp-block-image\">\n<figure class=\"aligncenter size-large is-resized\"><img loading=\"lazy\" decoding=\"async\" width=\"1024\" height=\"447\" src=\"https:\/\/www.leibniz-bildung.de\/wp-content\/uploads\/2021\/07\/CIDER_IV_Kick-off_Workshop_Group_picture-scaled-e1713445439915-1024x447.jpg\" alt=\"\" class=\"wp-image-71604\" style=\"width:840px;height:auto\" srcset=\"https:\/\/www.leibniz-bildung.de\/wp-content\/uploads\/2021\/07\/CIDER_IV_Kick-off_Workshop_Group_picture-scaled-e1713445439915-1024x447.jpg 1024w, https:\/\/www.leibniz-bildung.de\/wp-content\/uploads\/2021\/07\/CIDER_IV_Kick-off_Workshop_Group_picture-scaled-e1713445439915-300x131.jpg 300w, https:\/\/www.leibniz-bildung.de\/wp-content\/uploads\/2021\/07\/CIDER_IV_Kick-off_Workshop_Group_picture-scaled-e1713445439915-768x335.jpg 768w, https:\/\/www.leibniz-bildung.de\/wp-content\/uploads\/2021\/07\/CIDER_IV_Kick-off_Workshop_Group_picture-scaled-e1713445439915-1536x670.jpg 1536w, https:\/\/www.leibniz-bildung.de\/wp-content\/uploads\/2021\/07\/CIDER_IV_Kick-off_Workshop_Group_picture-scaled-e1713445439915-2048x894.jpg 2048w\" sizes=\"auto, (max-width: 1024px) 100vw, 1024px\" \/><\/figure>\n<\/div>\n\n\n<div style=\"height:20px\" aria-hidden=\"true\" class=\"wp-block-spacer\"><\/div>\n\n\n\n<hr class=\"wp-block-separator has-css-opacity\"\/>\n\n\n\n<div style=\"height:20px\" aria-hidden=\"true\" class=\"wp-block-spacer\"><\/div>\n\n\n\n<h5 id=\"october-13-2021-annabell-daniel-is-now-professor-at-lmu-munich\" class=\"wp-block-heading\"><em>March 20, 2024<\/em> | <strong>Livia Kuklick wins the GEBF Young Publication Award<\/strong><\/h5>\n\n\n\n<div style=\"height:20px\" aria-hidden=\"true\" class=\"wp-block-spacer\"><\/div>\n\n\n\n<p class=\"wp-block-paragraph\">Congratulations to <a href=\"https:\/\/www.leibniz-ipn.de\/en\/the-ipn\/about-us\/staff\/livia-carina-kuklick\" data-type=\"link\" data-id=\"https:\/\/www.leibniz-ipn.de\/en\/the-ipn\/about-us\/staff\/livia-carina-kuklick\" target=\"_blank\" rel=\"noreferrer noopener\">Livia Kuklick<\/a> (CIDER IV Fellow) for winning the GEBF Young Publication Award in the category for doctoral students for her work &#8220;<a href=\"https:\/\/www.sciencedirect.com\/science\/article\/pii\/S0361476X22001059?via%3Dihub\" data-type=\"link\" data-id=\"https:\/\/www.sciencedirect.com\/science\/article\/pii\/S0361476X22001059?via%3Dihub\" target=\"_blank\" rel=\"noreferrer noopener\">Affective-motivational effects of performance feedback in computer-based assessment: Does error message complexity matter?<\/a>&#8220;!<\/p>\n\n\n\n<div style=\"height:20px\" aria-hidden=\"true\" class=\"wp-block-spacer\"><\/div>\n\n\n\n<hr class=\"wp-block-separator has-css-opacity\"\/>\n\n\n\n<div style=\"height:20px\" aria-hidden=\"true\" class=\"wp-block-spacer\"><\/div>\n\n\n\n<h5 id=\"october-13-2021-annabell-daniel-is-now-professor-at-lmu-munich\" class=\"wp-block-heading\"><em>January 4, 2024 <\/em>| <strong>Selection of CIDER IV Fellows completed<\/strong><\/h5>\n\n\n\n<div style=\"height:20px\" aria-hidden=\"true\" class=\"wp-block-spacer\"><\/div>\n\n\n\n<p class=\"wp-block-paragraph\">The selection process for the new cohort CIDER IV is completed: The CIDER Steering Committee has selected 30 promising researchers for the Fellowship. The decision was really hard, as there were more than twice as many applications for the 30 Fellowships, all of them of very good quality.<\/p>\n\n\n\n<p class=\"wp-block-paragraph\">The CIDER Coordination congratulates the new Fellows and is already excited to get to know all of them at the Kick-off Workshop in April at the <a href=\"https:\/\/www.dipf.de\/en\/frontpage?set_language=en\" target=\"_blank\" data-type=\"link\" data-id=\"https:\/\/www.dipf.de\/en\/frontpage?set_language=en\" rel=\"noreferrer noopener\">DIPF<\/a> in Frankfurt!<\/p>\n\n\n\n<div style=\"height:20px\" aria-hidden=\"true\" class=\"wp-block-spacer\"><\/div>\n\n\n\n<hr class=\"wp-block-separator has-css-opacity\"\/>\n\n\n\n<div style=\"height:20px\" aria-hidden=\"true\" class=\"wp-block-spacer\"><\/div>\n\n\n\n<h5 id=\"october-13-2021-annabell-daniel-is-now-professor-at-lmu-munich\" class=\"wp-block-heading\"><em>November 28, 2023 <\/em>| <strong>CIDER III Public Science Award 2023<\/strong><\/h5>\n\n\n\n<div style=\"height:20px\" aria-hidden=\"true\" class=\"wp-block-spacer\"><\/div>\n\n\n\n<p class=\"wp-block-paragraph\">Congratulations to <a href=\"https:\/\/www.henninghermes.com\/\" target=\"_blank\" rel=\"noreferrer noopener\">Henning Hermes<\/a> for winning the CIDER Public Science Award 2023! His contribution  &#8220;(Trying to) Communicate Research Findings to Political Decision Makers&#8221; convinced the Jury by the interdisciplinary approach and the excellent concept as well as realisation.<\/p>\n\n\n\n<p class=\"wp-block-paragraph\">The 2nd prize was awarded to <a href=\"https:\/\/www.bibb.de\/de\/26480_katarina_wessling.php\" target=\"_blank\" rel=\"noreferrer noopener\">Katarina We\u00dfling<\/a> for her public science activities and cooperations regarding regional infrastructure and occupational plans and chances of adolescents in Germany. (see e.g. her <a href=\"https:\/\/www.youtube.com\/watch?v=6AydMSdqbGs\" target=\"_blank\" rel=\"noreferrer noopener\">keynote at policy conference of transfer inititaitive municipal education management<\/a>)<\/p>\n\n\n\n<p class=\"wp-block-paragraph\"><a href=\"https:\/\/www.uu.nl\/staff\/SCivitillo\" target=\"_blank\" rel=\"noreferrer noopener\">Sauro Civitillo<\/a> won the 3rd prize for his <a href=\"https:\/\/www.researchingdiversity.com\/episodes\/sauro-civitillo\/\" target=\"_blank\" rel=\"noreferrer noopener\">interview<\/a> on multicultural education and cultural responsive teaching in Europe.<\/p>\n\n\n\n<p class=\"wp-block-paragraph\">The Jury was very impressed by the high quality of all submissions and congratulates the three winners and all participating fellows to their excellent Public Science Projects!<\/p>\n\n\n\n<div style=\"height:20px\" aria-hidden=\"true\" class=\"wp-block-spacer\"><\/div>\n\n\n\n<div aria-label=\"Carousel Gallery\" class=\"wp-block-coblocks-gallery-carousel alignfull\"><div class=\"coblocks-gallery-carousel-swiper-container is-cropped coblocks-gallery has-caption-style-dark has-no-thumbnails\"><div class=\"has-carousel has-carousel-xlrg swiper-container has-aligned-cells\" data-swiper=\"{&quot;alignCells&quot;:true,&quot;autoPlay&quot;:false,&quot;autoPlaySpeed&quot;:3000,&quot;draggable&quot;:false,&quot;freeMode&quot;:false,&quot;loop&quot;:false,&quot;navigation&quot;:false,&quot;pageDots&quot;:false,&quot;pauseHover&quot;:false,&quot;responsiveHeight&quot;:false,&quot;slidesPerView&quot;:1,&quot;thumbnails&quot;:false,&quot;uuid&quot;:&quot;12345&quot;}\" style=\"height:400px\"><div class=\"swiper-wrapper\"><div class=\"swiper-slide\"><div class=\"coblocks-gallery--item\" role=\"button\" tabindex=\"0\"><figure class=\"coblocks-gallery--figure\"><img loading=\"lazy\" decoding=\"async\" width=\"1024\" height=\"768\" alt=\"\" class=\"wp-image-68279\" data-id=\"68279\" data-link=\"https:\/\/www.leibniz-bildung.de\/en\/cider\/news\/cider-iii_final-conference-2023_psa\/\" src=\"https:\/\/www.leibniz-bildung.de\/wp-content\/uploads\/2023\/11\/CIDER-III_Final-Conference-2023_PSA-1024x768.jpg\" srcset=\"https:\/\/www.leibniz-bildung.de\/wp-content\/uploads\/2023\/11\/CIDER-III_Final-Conference-2023_PSA-1024x768.jpg 1024w, https:\/\/www.leibniz-bildung.de\/wp-content\/uploads\/2023\/11\/CIDER-III_Final-Conference-2023_PSA-300x225.jpg 300w, https:\/\/www.leibniz-bildung.de\/wp-content\/uploads\/2023\/11\/CIDER-III_Final-Conference-2023_PSA-768x576.jpg 768w, https:\/\/www.leibniz-bildung.de\/wp-content\/uploads\/2023\/11\/CIDER-III_Final-Conference-2023_PSA-1536x1152.jpg 1536w, https:\/\/www.leibniz-bildung.de\/wp-content\/uploads\/2023\/11\/CIDER-III_Final-Conference-2023_PSA-2048x1536.jpg 2048w, https:\/\/www.leibniz-bildung.de\/wp-content\/uploads\/2023\/11\/CIDER-III_Final-Conference-2023_PSA-800x600.jpg 800w\" sizes=\"auto, (max-width: 1024px) 100vw, 1024px\" \/><\/figure><figcaption class=\"coblocks-gallery--caption coblocks-gallery--primary-caption\"><\/figcaption><\/div><\/div><\/div><\/div><\/div><\/div>\n\n\n\n<div style=\"height:20px\" aria-hidden=\"true\" class=\"wp-block-spacer\"><\/div>\n\n\n\n<hr class=\"wp-block-separator has-css-opacity\"\/>\n\n\n\n<div style=\"height:20px\" aria-hidden=\"true\" class=\"wp-block-spacer\"><\/div>\n\n\n\n<h5 id=\"october-13-2021-annabell-daniel-is-now-professor-at-lmu-munich\" class=\"wp-block-heading\"><em>November 28, 2023 <\/em>| <strong>CIDER III Final Conference<\/strong> <strong>in Berlin<\/strong><\/h5>\n\n\n\n<div style=\"height:20px\" aria-hidden=\"true\" class=\"wp-block-spacer\"><\/div>\n\n\n\n<p class=\"wp-block-paragraph\">CIDER Fellows from all three cohorts gathered for a great CIDER reunion at the WZB in Berlin from November 20-22, 2023. The program commenced with a collective visit to the <a href=\"https:\/\/www.gdw-berlin.de\/en\/home\/\" target=\"_blank\" rel=\"noreferrer noopener\">German Resistance Memorial<\/a> (Gedenkst\u00e4tte Deutscher Widerstand) and a fireside chat on perspectives in educational research with CIDER Fellows and Seniors.<\/p>\n\n\n\n<p class=\"wp-block-paragraph\">On Tuesday and Wednesday, all 16 Micro Groups of CIDER III presented their research topics and results. Furthermore, the Fellows reflected on the benefits and obstacles of interdisciplinarity in a World Cafe, listened to two captivating keynotes by <a href=\"https:\/\/www.zeppelin-university.com\/chairs\/makrosoz\/\" target=\"_blank\" data-type=\"link\" data-id=\"https:\/\/www.zeppelin-university.com\/chairs\/makrosoz\/\" rel=\"noreferrer noopener\">Richard M\u00fcnch<\/a> and <a href=\"https:\/\/www.uu.nl\/staff\/VDiStasio\" target=\"_blank\" rel=\"noreferrer noopener\">Valentina di Stasio<\/a>, and discussed ways to stay connected as CIDER alumni. In addition, there was ample time for informal exchange during a walk through Tiergarten and the conference dinner on Tuesday. <\/p>\n\n\n\n<p class=\"wp-block-paragraph\">All participants enjoyed reconnecting with old friends and establishing new contacts with Fellows from other cohorts.<\/p>\n\n\n\n<p class=\"wp-block-paragraph\">See the detailed program <a href=\"https:\/\/www.leibniz-bildung.de\/wp-content\/uploads\/2021\/07\/CIDER-III-Final-Conference-2023_Program-final.pdf\" target=\"_blank\" rel=\"noreferrer noopener\">here<\/a>.<\/p>\n\n\n\n<div aria-label=\"Carousel Gallery\" class=\"wp-block-coblocks-gallery-carousel alignfull\"><div class=\"coblocks-gallery-carousel-swiper-container is-cropped coblocks-gallery has-caption-style-dark has-no-thumbnails\"><div class=\"has-carousel has-carousel-xlrg swiper-container has-aligned-cells\" data-swiper=\"{&quot;alignCells&quot;:true,&quot;autoPlay&quot;:true,&quot;autoPlaySpeed&quot;:3000,&quot;draggable&quot;:false,&quot;freeMode&quot;:false,&quot;loop&quot;:true,&quot;navigation&quot;:true,&quot;pageDots&quot;:false,&quot;pauseHover&quot;:false,&quot;responsiveHeight&quot;:false,&quot;slidesPerView&quot;:1,&quot;thumbnails&quot;:false,&quot;uuid&quot;:&quot;12345&quot;}\" style=\"height:530px\"><div class=\"swiper-wrapper\"><div class=\"swiper-slide\"><div class=\"coblocks-gallery--item\" role=\"button\" tabindex=\"0\"><figure class=\"coblocks-gallery--figure\"><img loading=\"lazy\" decoding=\"async\" width=\"1024\" height=\"769\" alt=\"\" class=\"wp-image-68275\" data-id=\"68275\" data-link=\"https:\/\/www.leibniz-bildung.de\/en\/cider\/news\/cider-iii_final-conference-2023__group\/\" src=\"https:\/\/www.leibniz-bildung.de\/wp-content\/uploads\/2023\/11\/CIDER-III_Final-Conference-2023__Group-1024x769.jpg\" srcset=\"https:\/\/www.leibniz-bildung.de\/wp-content\/uploads\/2023\/11\/CIDER-III_Final-Conference-2023__Group-1024x769.jpg 1024w, https:\/\/www.leibniz-bildung.de\/wp-content\/uploads\/2023\/11\/CIDER-III_Final-Conference-2023__Group-300x225.jpg 300w, https:\/\/www.leibniz-bildung.de\/wp-content\/uploads\/2023\/11\/CIDER-III_Final-Conference-2023__Group-768x577.jpg 768w, https:\/\/www.leibniz-bildung.de\/wp-content\/uploads\/2023\/11\/CIDER-III_Final-Conference-2023__Group-1536x1153.jpg 1536w, https:\/\/www.leibniz-bildung.de\/wp-content\/uploads\/2023\/11\/CIDER-III_Final-Conference-2023__Group-2048x1538.jpg 2048w, https:\/\/www.leibniz-bildung.de\/wp-content\/uploads\/2023\/11\/CIDER-III_Final-Conference-2023__Group-800x600.jpg 800w\" sizes=\"auto, (max-width: 1024px) 100vw, 1024px\" \/><\/figure><figcaption class=\"coblocks-gallery--caption coblocks-gallery--primary-caption\"><\/figcaption><\/div><\/div><div class=\"swiper-slide\"><div class=\"coblocks-gallery--item\" role=\"button\" tabindex=\"1\"><figure class=\"coblocks-gallery--figure\"><img loading=\"lazy\" decoding=\"async\" width=\"1024\" height=\"768\" alt=\"\" class=\"wp-image-68277\" data-id=\"68277\" data-link=\"https:\/\/www.leibniz-bildung.de\/en\/cider\/news\/cider-iii_final-conference-2023_fireside-chat\/\" src=\"https:\/\/www.leibniz-bildung.de\/wp-content\/uploads\/2023\/11\/CIDER-III_Final-Conference-2023_Fireside-Chat-1024x768.jpg\" srcset=\"https:\/\/www.leibniz-bildung.de\/wp-content\/uploads\/2023\/11\/CIDER-III_Final-Conference-2023_Fireside-Chat-1024x768.jpg 1024w, https:\/\/www.leibniz-bildung.de\/wp-content\/uploads\/2023\/11\/CIDER-III_Final-Conference-2023_Fireside-Chat-300x225.jpg 300w, https:\/\/www.leibniz-bildung.de\/wp-content\/uploads\/2023\/11\/CIDER-III_Final-Conference-2023_Fireside-Chat-768x576.jpg 768w, https:\/\/www.leibniz-bildung.de\/wp-content\/uploads\/2023\/11\/CIDER-III_Final-Conference-2023_Fireside-Chat-1536x1152.jpg 1536w, https:\/\/www.leibniz-bildung.de\/wp-content\/uploads\/2023\/11\/CIDER-III_Final-Conference-2023_Fireside-Chat-2048x1536.jpg 2048w, https:\/\/www.leibniz-bildung.de\/wp-content\/uploads\/2023\/11\/CIDER-III_Final-Conference-2023_Fireside-Chat-800x600.jpg 800w\" sizes=\"auto, (max-width: 1024px) 100vw, 1024px\" \/><\/figure><figcaption class=\"coblocks-gallery--caption coblocks-gallery--primary-caption\"><\/figcaption><\/div><\/div><div class=\"swiper-slide\"><div class=\"coblocks-gallery--item\" role=\"button\" tabindex=\"2\"><figure class=\"coblocks-gallery--figure\"><img loading=\"lazy\" decoding=\"async\" width=\"1024\" height=\"768\" alt=\"\" class=\"wp-image-68281\" data-id=\"68281\" data-link=\"https:\/\/www.leibniz-bildung.de\/en\/cider\/news\/cider-iii_final-conference-2023_wc1\/\" src=\"https:\/\/www.leibniz-bildung.de\/wp-content\/uploads\/2023\/11\/CIDER-III_Final-Conference-2023_WC1-1024x768.jpg\" srcset=\"https:\/\/www.leibniz-bildung.de\/wp-content\/uploads\/2023\/11\/CIDER-III_Final-Conference-2023_WC1-1024x768.jpg 1024w, https:\/\/www.leibniz-bildung.de\/wp-content\/uploads\/2023\/11\/CIDER-III_Final-Conference-2023_WC1-300x225.jpg 300w, https:\/\/www.leibniz-bildung.de\/wp-content\/uploads\/2023\/11\/CIDER-III_Final-Conference-2023_WC1-768x576.jpg 768w, https:\/\/www.leibniz-bildung.de\/wp-content\/uploads\/2023\/11\/CIDER-III_Final-Conference-2023_WC1-1536x1152.jpg 1536w, https:\/\/www.leibniz-bildung.de\/wp-content\/uploads\/2023\/11\/CIDER-III_Final-Conference-2023_WC1-2048x1536.jpg 2048w, https:\/\/www.leibniz-bildung.de\/wp-content\/uploads\/2023\/11\/CIDER-III_Final-Conference-2023_WC1-800x600.jpg 800w\" sizes=\"auto, (max-width: 1024px) 100vw, 1024px\" \/><\/figure><figcaption class=\"coblocks-gallery--caption coblocks-gallery--primary-caption\"><\/figcaption><\/div><\/div><div class=\"swiper-slide\"><div class=\"coblocks-gallery--item\" role=\"button\" tabindex=\"3\"><figure class=\"coblocks-gallery--figure\"><img loading=\"lazy\" decoding=\"async\" width=\"1024\" height=\"768\" alt=\"\" class=\"wp-image-68283\" data-id=\"68283\" data-link=\"https:\/\/www.leibniz-bildung.de\/en\/cider\/news\/cider-iii_final-conference-2023_wc2\/\" src=\"https:\/\/www.leibniz-bildung.de\/wp-content\/uploads\/2023\/11\/CIDER-III_Final-Conference-2023_WC2-1024x768.jpg\" srcset=\"https:\/\/www.leibniz-bildung.de\/wp-content\/uploads\/2023\/11\/CIDER-III_Final-Conference-2023_WC2-1024x768.jpg 1024w, https:\/\/www.leibniz-bildung.de\/wp-content\/uploads\/2023\/11\/CIDER-III_Final-Conference-2023_WC2-300x225.jpg 300w, https:\/\/www.leibniz-bildung.de\/wp-content\/uploads\/2023\/11\/CIDER-III_Final-Conference-2023_WC2-768x576.jpg 768w, https:\/\/www.leibniz-bildung.de\/wp-content\/uploads\/2023\/11\/CIDER-III_Final-Conference-2023_WC2-1536x1152.jpg 1536w, https:\/\/www.leibniz-bildung.de\/wp-content\/uploads\/2023\/11\/CIDER-III_Final-Conference-2023_WC2-2048x1536.jpg 2048w, https:\/\/www.leibniz-bildung.de\/wp-content\/uploads\/2023\/11\/CIDER-III_Final-Conference-2023_WC2-800x600.jpg 800w\" sizes=\"auto, (max-width: 1024px) 100vw, 1024px\" \/><\/figure><figcaption class=\"coblocks-gallery--caption coblocks-gallery--primary-caption\"><\/figcaption><\/div><\/div><\/div><button class=\"nav-button__prev\" id=\"12345-prev\"><svg class=\"icon\" style=\"transform:rotate(180deg)\"><\/svg><\/button><button class=\"nav-button__next\" id=\"12345-next\"><svg class=\"icon\"><\/svg><\/button><\/div><\/div><\/div>\n\n\n\n<div style=\"height:20px\" aria-hidden=\"true\" class=\"wp-block-spacer\"><\/div>\n\n\n\n<hr class=\"wp-block-separator has-css-opacity\"\/>\n\n\n\n<div style=\"height:20px\" aria-hidden=\"true\" class=\"wp-block-spacer\"><\/div>\n\n\n\n<h5 id=\"october-13-2021-annabell-daniel-is-now-professor-at-lmu-munich\" class=\"wp-block-heading\"><em>October 12, 2023 <\/em>| <strong>Extended Call for applications for CIDER cohort IV<\/strong><\/h5>\n\n\n\n<div style=\"height:20px\" aria-hidden=\"true\" class=\"wp-block-spacer\"><\/div>\n\n\n\n<p class=\"wp-block-paragraph\">As a consequence of the ongoing impact of the Covid 19-pandemic on the careers of young scientists, the CIDER Steering Committee has decided to adjust the criteria for applications for CIDER Cohort IV and to extend the application deadline.<\/p>\n\n\n\n<p class=\"wp-block-paragraph\">Please spread the extended Call for applications for CIDER Cohort IV (<a href=\"https:\/\/www.leibniz-bildung.de\/wp-content\/uploads\/2021\/07\/CIDER_Call-for-Application-CIDER-IV_extended.pdf\" target=\"_blank\" rel=\"noreferrer noopener\">Link<\/a>) in your networks. Deadline for applications is November 30, 2023. Thank you! <\/p>\n\n\n\n<p class=\"wp-block-paragraph\">In case of questions, please don\u2019t hesitate to contact the CIDER Coordination Team (<a href=\"mailto:cider-coordidnation@dipf.de\" target=\"_blank\" rel=\"noreferrer noopener\">cider-coordidnation@dipf.de<\/a>).&nbsp; <\/p>\n\n\n\n<p class=\"wp-block-paragraph\">We are looking forward to promising applications!<\/p>\n\n\n\n<div style=\"height:20px\" aria-hidden=\"true\" class=\"wp-block-spacer\"><\/div>\n\n\n\n<hr class=\"wp-block-separator has-css-opacity\"\/>\n\n\n\n<div style=\"height:20px\" aria-hidden=\"true\" class=\"wp-block-spacer\"><\/div>\n\n\n\n<h5 id=\"october-13-2021-annabell-daniel-is-now-professor-at-lmu-munich\" class=\"wp-block-heading\"><em>July 17, 2023 <\/em>| <strong>Great news: CIDER is continuing after the end of Cohort III<\/strong><\/h5>\n\n\n\n<div style=\"height:20px\" aria-hidden=\"true\" class=\"wp-block-spacer\"><\/div>\n\n\n\n<p class=\"wp-block-paragraph\">Please spread the Call for applications for CIDER Cohort IV in your networks. Thank you! <\/p>\n\n\n\n<p class=\"wp-block-paragraph\">In case of questions, please don\u2019t hesitate to contact the CIDER Coordination Team (<a href=\"mailto:cider-coordidnation@dipf.de\" target=\"_blank\" rel=\"noreferrer noopener\">cider-coordidnation@dipf.de<\/a>).&nbsp; <\/p>\n\n\n\n<p class=\"wp-block-paragraph\">We are looking forward to promising applications!<\/p>\n\n\n\n<div style=\"height:20px\" aria-hidden=\"true\" class=\"wp-block-spacer\"><\/div>\n\n\n\n<hr class=\"wp-block-separator has-css-opacity\"\/>\n\n\n\n<div style=\"height:20px\" aria-hidden=\"true\" class=\"wp-block-spacer\"><\/div>\n\n\n\n<h5 id=\"october-13-2021-annabell-daniel-is-now-professor-at-lmu-munich\" class=\"wp-block-heading\"><em>June 16, 2023 <\/em>| <strong> CIDER Spring Workshop 2023<\/strong><\/h5>\n\n\n\n<div style=\"height:20px\" aria-hidden=\"true\" class=\"wp-block-spacer\"><\/div>\n\n\n\n<p class=\"wp-block-paragraph\">The CIDER Spring Workshop 2023 took place from May 22-24, 2023, at the ZEW in Mannheim. <\/p>\n\n\n\n<p class=\"wp-block-paragraph\"><a rel=\"noreferrer noopener\" href=\"https:\/\/www.ucl.ac.uk\/~uctppca\/\" target=\"_blank\">Pedro Carneiro<\/a> of University College London gave a key note on public childcare, labor market outcomes of caregivers, and child development. Later fellows from CIDER cohorts II and III participated in a plenum discussion to share their experiences with applications for professorship with the other Fellows. Moreover, <a href=\"https:\/\/www.lifbi.de\/en-us\/Start\/Institute\/People\/Person\/account\/175?name=Artelt,Cordula\" target=\"_blank\" rel=\"noopener\">Cordula Artelt<\/a> introduced the new DFG Infrastructure Priority Program \u201cNew Data Spaces for the Social Sciences\u201d. Finally, <a rel=\"noreferrer noopener\" href=\"https:\/\/psychology.illinois.edu\/directory\/profile\/bwrobrts\" target=\"_blank\">Brent Roberts<\/a> of University of Illinois Urbana-Champaign gave a key note on the conceptualization of traits or skills in educational psychology. The program was complemented by a walking tour through Mannheim, the visit of an art exhibition and a joint dinner at the ZEW Bistro.<\/p>\n\n\n\n<p class=\"wp-block-paragraph\">See the detailed program <a href=\"https:\/\/www.leibniz-bildung.de\/wp-content\/uploads\/2021\/07\/CIDER-Spring-WS-2023_Final-Program.pdf\">here.<\/a><\/p>\n\n\n\n<div style=\"height:20px\" aria-hidden=\"true\" class=\"wp-block-spacer\"><\/div>\n\n\n\n<div style=\"height:20px\" aria-hidden=\"true\" class=\"wp-block-spacer\"><\/div>\n\n\n\n<div style=\"height:0px\" aria-hidden=\"true\" class=\"wp-block-spacer\"><\/div>\n\n\n\n<div class=\"wp-block-buttons is-layout-flex wp-block-buttons-is-layout-flex\">\n<div class=\"wp-block-button\"><a class=\"wp-block-button__link wp-element-button\" href=\"https:\/\/www.leibniz-bildung.de\/en\/cider\/news\/cider-news-archive\/\" target=\"_blank\" rel=\"noreferrer noopener\">News-Archive<\/a><\/div>\n<\/div>\n","protected":false},"excerpt":{"rendered":"<p>April 30, 2026 | CIDER Spring Workshop 2026 in Mannheim The CIDER Spring Workshop 2026 took place from April 28\u201330 at the ZEW \u2013 Leibniz Centre for European Economic Research in Mannheim. Organized jointly by the ZEW, the Institute for Educational Quality Improvement (IQB), and the Hector Institute for Empirical Educational Research, the workshop brought [&hellip;]<\/p>\n","protected":false},"author":2,"featured_media":0,"parent":17648,"menu_order":1,"comment_status":"closed","ping_status":"closed","template":"","meta":{"_acf_changed":false,"_coblocks_attr":"","_coblocks_dimensions":"","_coblocks_responsive_height":"","_coblocks_accordion_ie_support":"","footnotes":"","_links_to":"","_links_to_target":""},"class_list":["post-26464","page","type-page","status-publish","hentry"],"acf":[],"_links":{"self":[{"href":"https:\/\/www.leibniz-bildung.de\/en\/wp-json\/wp\/v2\/pages\/26464","targetHints":{"allow":["GET"]}}],"collection":[{"href":"https:\/\/www.leibniz-bildung.de\/en\/wp-json\/wp\/v2\/pages"}],"about":[{"href":"https:\/\/www.leibniz-bildung.de\/en\/wp-json\/wp\/v2\/types\/page"}],"author":[{"embeddable":true,"href":"https:\/\/www.leibniz-bildung.de\/en\/wp-json\/wp\/v2\/users\/2"}],"replies":[{"embeddable":true,"href":"https:\/\/www.leibniz-bildung.de\/en\/wp-json\/wp\/v2\/comments?post=26464"}],"version-history":[{"count":173,"href":"https:\/\/www.leibniz-bildung.de\/en\/wp-json\/wp\/v2\/pages\/26464\/revisions"}],"predecessor-version":[{"id":86135,"href":"https:\/\/www.leibniz-bildung.de\/en\/wp-json\/wp\/v2\/pages\/26464\/revisions\/86135"}],"up":[{"embeddable":true,"href":"https:\/\/www.leibniz-bildung.de\/en\/wp-json\/wp\/v2\/pages\/17648"}],"wp:attachment":[{"href":"https:\/\/www.leibniz-bildung.de\/en\/wp-json\/wp\/v2\/media?parent=26464"}],"curies":[{"name":"wp","href":"https:\/\/api.w.org\/{rel}","templated":true}]}}